{"id":135,"date":"2022-09-07T10:39:36","date_gmt":"2022-09-07T08:39:36","guid":{"rendered":"https:\/\/www.university-press.fau.de\/produkt\/festschrift-ueber-den-tag-der-erd-fernerkundung\/"},"modified":"2024-05-03T10:51:57","modified_gmt":"2024-05-03T08:51:57","slug":"978-3-930357-64-2","status":"publish","type":"product","link":"https:\/\/www.university-press.fau.de\/en\/product\/978-3-930357-64-2\/","title":{"rendered":"Festschrift \u00fcber den Tag der Erd-Fernerkundung"},"content":{"rendered":"<p>Am 11. April 2003 veranstaltete die Technische Fakult\u00e4t der Friedrich-Alexander-Universit\u00e4t Erlangen-N\u00fcrnberg unter Mitwirkung von Instituten der Geographie der Universit\u00e4ten in Erlangen und Jena sowie des Deutschen Zentrums f\u00fcr Luft- und Raumfahrt (DLR) in O berpfaffenhofen einen Tag der Erd-Fernerkundung. Anlass hierzu war die feierliche Verleihung der Ehrendoktorw\u00fcrde an zwei Pioniere der Fernerkundung, die Herren Prof. Dr. Dr. h.c. Wolfgang Martin Boerner, USA, und Dr. Wolfgang Johannes M. Keydel, Deutschland, durch die Friedrich-Alexander-Universit\u00e4t (FAU) E rlangen-N\u00fcrnberg auf Beschluss der Technischen Fakult\u00e4t vom 30.10.2002. Erd-Fernerkundung ist eine h\u00f6chst interdisziplin\u00e4re und im wahrsten Sinn des Wortes globale Wissenschaft. Sie befasst sich mit der elektromagnetischen Fernmessung des Planeten Erde, wie z. B. der Verteilung der Temperatur auf der Wasser- und Land-Oberfl\u00e4che, d em Salzgehalt der Ozeane, der H\u00f6he von Vulkanen und Eisbergen sowie von Schadstoffverteilungen in der Atmosph\u00e4re zur Kontrolle von Umwelt- und Klimaver\u00e4nderungen und m\u00f6glichen Vorhersagen von Erdbeben. Die Messungen werden von Flugzeugen oder Satelliten oder bei bemannten Raumfahrtmissionen durchgef\u00fchrt, und zwar bei optischen Frequenzen unter Nutzung der Reflexion des Sonnenlichts an de r Erdoberfl\u00e4che bzw. an Wolkenformationen sowie bei Mikrowellen unter Nutzung der R\u00fcckstreuung von Radarwellen, mit denen die Erde beleuchtet wurde, oder unter Nutzung der eigenen Ausstrahlung der Erde bei diesen Frequenzen.<\/p>","protected":false},"excerpt":{"rendered":"<p>Am 11. April 2003 veranstaltete die Technische Fakult\u00e4t der Friedrich-Alexander-Universit\u00e4t Erlangen-N\u00fcrnberg unter Mitwirkung von Instituten der Geographie der Universit\u00e4ten in Erlangen und Jena sowie des Deutschen Zentrums f\u00fcr Luft- und Raumfahrt (DLR) in O berpfaffenhofen einen Tag der Erd-Fernerkundung. Anlass hierzu war die feierliche Verleihung der Ehrendoktorw\u00fcrde an zwei Pioniere der Fernerkundung, die Herren Prof. [&hellip;]<\/p>\n","protected":false},"featured_media":2940,"comment_status":"open","ping_status":"closed","template":"","meta":{"_acf_changed":false},"product_brand":[],"product_cat":[36],"product_tag":[37],"class_list":{"0":"post-135","1":"product","2":"type-product","3":"status-publish","4":"has-post-thumbnail","6":"product_cat-akademische-reden-und-kolloquien","7":"product_tag-vergriffen","8":"has-post-title","9":"has-post-date","10":"has-post-category","11":"has-post-tag","12":"has-post-comment","13":"has-post-author","14":"","16":"first","17":"outofstock","18":"taxable","19":"shipping-taxable","20":"purchasable","21":"product-type-simple"},"acf":{"autor":"","orcid":"","ror":"","herausgeber":"Hans H. Brand","orcid_hrsg":"","rorhrsg":"","bearbeiter":"","sonstige_beteiligte_personen":"","untertitel":"","zusatz":"","jahr":"2004","zeitschrift":"","serie":"","serie_name":"","serie_band":"","serie_jahr":"","serie_titel_band":"","vortrage":"","issn":"","isbn":"3-930357-64-X","isbn13":"978-3-930357-64-2","seiten":"90","sonstiges":"","band":23,"auflage":"","opus":"","dspace":"581","e-isbn_pdf":"","doi":"","epub":"","e-isbn_epub":"","doi_epub":"","html":"","e-isbn_html":"","doi_html":"","e-isbn_reader":"","doi_reader":"","digibib":"","urn":"urn:nbn:de:bvb:29-opus-23","supplementary_material":"","sprache":["Deutsch"],"ausgabe":"Softcover","suche":"393035764X 9783930357642   ","lizenz":"ohne Angabe","bemerkung":""},"builder_content":"","_links":{"self":[{"href":"https:\/\/www.university-press.fau.de\/en\/wp-json\/wp\/v2\/product\/135","targetHints":{"allow":["GET"]}}],"collection":[{"href":"https:\/\/www.university-press.fau.de\/en\/wp-json\/wp\/v2\/product"}],"about":[{"href":"https:\/\/www.university-press.fau.de\/en\/wp-json\/wp\/v2\/types\/product"}],"replies":[{"embeddable":true,"href":"https:\/\/www.university-press.fau.de\/en\/wp-json\/wp\/v2\/comments?post=135"}],"wp:featuredmedia":[{"embeddable":true,"href":"https:\/\/www.university-press.fau.de\/en\/wp-json\/wp\/v2\/media\/2940"}],"wp:attachment":[{"href":"https:\/\/www.university-press.fau.de\/en\/wp-json\/wp\/v2\/media?parent=135"}],"wp:term":[{"taxonomy":"product_brand","embeddable":true,"href":"https:\/\/www.university-press.fau.de\/en\/wp-json\/wp\/v2\/product_brand?post=135"},{"taxonomy":"product_cat","embeddable":true,"href":"https:\/\/www.university-press.fau.de\/en\/wp-json\/wp\/v2\/product_cat?post=135"},{"taxonomy":"product_tag","embeddable":true,"href":"https:\/\/www.university-press.fau.de\/en\/wp-json\/wp\/v2\/product_tag?post=135"}],"curies":[{"name":"wp","href":"https:\/\/api.w.org\/{rel}","templated":true}]}}