{"id":444,"date":"2022-09-26T14:32:59","date_gmt":"2022-09-26T12:32:59","guid":{"rendered":"https:\/\/www.university-press.fau.de\/produkt\/zur-schallabstrahlung-des-abgasturboladers-in-abhaengigkeit-der-verdichter-und-turbinenanstroemung\/"},"modified":"2023-12-12T14:10:04","modified_gmt":"2023-12-12T13:10:04","slug":"978-3-96147-289-5","status":"publish","type":"product","link":"https:\/\/www.university-press.fau.de\/en\/product\/978-3-96147-289-5\/","title":{"rendered":"Zur Schallabstrahlung des Abgasturboladers in Abh\u00e4ngigkeit der Verdichter- und Turbinenanstr\u00f6mung"},"content":{"rendered":"<p>Der Einsatz von Abgasturboladern ist in modernen Motorkonzepten unerl\u00e4sslich, um hohe Wirkungsgrade, niedrigen Kraftstoffverbrauch und geringe Emissionen zu realisieren. Die sehr hohen Drehzahlen, gro\u00dfen Verdichtungsverh\u00e4ltnisse und dynamischen Beschleunigungs- und Abbremsvorg\u00e4nge sorgen jedoch sowohl f\u00fcr tonale als auch breitbandige Schallabstrahlung. Aufgrund des engen Bauraums ist die Anstr\u00f6mung der Laufr\u00e4der h\u00e4ufig von Umlenkungen und Querschnittsspr\u00fcngen gepr\u00e4gt. Sie weist somit starke Sekund\u00e4rstr\u00f6mungen auf. Daher ist es Ziel dieser Arbeit, den Einfluss der verdichter- und turbinenseitigen Anstr\u00f6mung der Laufr\u00e4der auf die Schallabstrahlung des Abgasturboladers systematisch zu untersuchen.<\/p>\n<p>Turbinenseitige Druckpulsationen, wie sie aufgrund der Ventilh\u00fcbe im Motor entstehen, beeinflussen die Schallabstrahlung nur geringf\u00fcgig im niederfrequenten Bereich und k\u00f6nnen daher vernachl\u00e4ssigt werden.<\/p>\n<p>Eine Str\u00f6mungsumlenkung vor dem Verdichter f\u00fchrt hingegen in nahezu allen Betriebspunkten des Laufrads zu einer deutlichen Erh\u00f6hung der breitbandigen Schallabstrahlung. Hierf\u00fcr ist die nach der Umlenkung auftretende Sekund\u00e4rstr\u00f6mung verantwortlich. Sie weist zwei gegenl\u00e4ufig exzentrisch rotierende Wirbel mit hohen Gleich- und Gegendrallanteilen an den \u00e4u\u00dferen Radien der Rohrstr\u00f6mung auf. Gegendrall erh\u00f6ht den hochfrequenten Breitbandanteil ab 4 kHz in nahezu allen Betriebspunkten.<\/p>\n<p>Homogene Verdichteranstr\u00f6mungen f\u00fchren hingegen zu geringeren Str\u00f6mungsabl\u00f6sungen und somit niedrigerer breitbandiger Schallabstrahlung. Der Einbau geeigneter Gleichrichter in die Anstr\u00f6mung des Verdichters wirkt sich demnach positiv auf die Ger\u00e4uschreduzierung des Turboladers aus. Sind die Gleichrichter zudem f\u00fcr einen niedrigen Druckverlust ausgelegt, sinkt der Wirkungsgrad nur geringf\u00fcgig. Daher stellen Vorleiteinrichtungen, die die Sekund\u00e4rstr\u00f6mung in der Ansaugung des Verdichters reduzieren, eine vielversprechende M\u00f6glichkeit dar, die Schallabstrahlung des Abgasturboladers im Pkw zu reduzieren.<\/p>","protected":false},"excerpt":{"rendered":"<p>Der Einsatz von Abgasturboladern ist in modernen Motorkonzepten unerl\u00e4sslich, um hohe Wirkungsgrade, niedrigen Kraftstoffverbrauch und geringe Emissionen zu realisieren. Die sehr hohen Drehzahlen, gro\u00dfen Verdichtungsverh\u00e4ltnisse und dynamischen Beschleunigungs- und Abbremsvorg\u00e4nge sorgen jedoch sowohl f\u00fcr tonale als auch breitbandige Schallabstrahlung. Aufgrund des engen Bauraums ist die Anstr\u00f6mung der Laufr\u00e4der h\u00e4ufig von Umlenkungen und Querschnittsspr\u00fcngen gepr\u00e4gt. Sie [&hellip;]<\/p>\n","protected":false},"featured_media":1116,"comment_status":"open","ping_status":"closed","template":"","meta":{"_acf_changed":false},"product_brand":[],"product_cat":[40],"product_tag":[],"class_list":{"0":"post-444","1":"product","2":"type-product","3":"status-publish","4":"has-post-thumbnail","6":"product_cat-einzeltitel","7":"has-post-title","8":"has-post-date","9":"has-post-category","10":"has-post-tag","11":"has-post-comment","12":"has-post-author","13":"","15":"first","16":"instock","17":"taxable","18":"shipping-taxable","19":"purchasable","20":"product-type-simple"},"acf":{"autor":"M\u00fcller, Johannes Klaus","orcid":"","ror":"","herausgeber":"","orcid_hrsg":"","rorhrsg":"","bearbeiter":"","sonstige_beteiligte_personen":"","untertitel":"","zusatz":"","jahr":"2020","zeitschrift":"","serie":"","serie_name":"","serie_band":"","serie_jahr":"","serie_titel_band":"","vortrage":"","issn":"","isbn":"","isbn13":"978-3-96147-289-5","seiten":"XVI, 184","sonstiges":"","band":"","auflage":"","opus":13513,"dspace":"13513","e-isbn_pdf":"978-3-96147-290-1","doi":"https:\/\/doi.org\/10.25593\/978-3-96147-290-1","epub":"","e-isbn_epub":"","doi_epub":"","html":"","e-isbn_html":"","doi_html":"","e-isbn_reader":"","doi_reader":"","digibib":"","urn":"urn:nbn:de:bvb:29-opus4-135132","supplementary_material":"","sprache":["Deutsch"],"ausgabe":"Softcover","suche":" 9783961472895 9783961472901  ","lizenz":"BY-4","bemerkung":""},"builder_content":"","_links":{"self":[{"href":"https:\/\/www.university-press.fau.de\/en\/wp-json\/wp\/v2\/product\/444","targetHints":{"allow":["GET"]}}],"collection":[{"href":"https:\/\/www.university-press.fau.de\/en\/wp-json\/wp\/v2\/product"}],"about":[{"href":"https:\/\/www.university-press.fau.de\/en\/wp-json\/wp\/v2\/types\/product"}],"replies":[{"embeddable":true,"href":"https:\/\/www.university-press.fau.de\/en\/wp-json\/wp\/v2\/comments?post=444"}],"wp:featuredmedia":[{"embeddable":true,"href":"https:\/\/www.university-press.fau.de\/en\/wp-json\/wp\/v2\/media\/1116"}],"wp:attachment":[{"href":"https:\/\/www.university-press.fau.de\/en\/wp-json\/wp\/v2\/media?parent=444"}],"wp:term":[{"taxonomy":"product_brand","embeddable":true,"href":"https:\/\/www.university-press.fau.de\/en\/wp-json\/wp\/v2\/product_brand?post=444"},{"taxonomy":"product_cat","embeddable":true,"href":"https:\/\/www.university-press.fau.de\/en\/wp-json\/wp\/v2\/product_cat?post=444"},{"taxonomy":"product_tag","embeddable":true,"href":"https:\/\/www.university-press.fau.de\/en\/wp-json\/wp\/v2\/product_tag?post=444"}],"curies":[{"name":"wp","href":"https:\/\/api.w.org\/{rel}","templated":true}]}}